{"id":482,"date":"2024-02-06T15:59:42","date_gmt":"2024-02-06T15:59:42","guid":{"rendered":"https:\/\/accessiblework.ca\/centre-de-ressources\/boite-a-outils-du-demandeur-demploi\/1-0-linkedin\/"},"modified":"2026-03-31T14:37:01","modified_gmt":"2026-03-31T14:37:01","slug":"1-0-linkedin","status":"publish","type":"page","link":"https:\/\/accessiblework.ca\/fr\/centre-de-ressources\/trousse-doutils-du-chercheur-demploi\/1-0-linkedin\/","title":{"rendered":"1.0 LinkedIn"},"content":{"rendered":"\t\t<div data-elementor-type=\"wp-page\" data-elementor-id=\"482\" class=\"elementor elementor-482 elementor-383\" data-elementor-post-type=\"page\">\n\t\t\t\t\t\t<section class=\"elementor-section elementor-top-section elementor-element elementor-element-feccdcb page-hero--img elementor-section-boxed elementor-section-height-default elementor-section-height-default\" data-id=\"feccdcb\" data-element_type=\"section\" data-e-type=\"section\">\n\t\t\t\t\t\t<div class=\"elementor-container elementor-column-gap-no\">\n\t\t\t\t\t<div class=\"elementor-column elementor-col-100 elementor-top-column elementor-element elementor-element-63864cb\" data-id=\"63864cb\" data-element_type=\"column\" data-e-type=\"column\">\n\t\t\t<div class=\"elementor-widget-wrap elementor-element-populated\">\n\t\t\t\t\t\t<section class=\"elementor-section elementor-inner-section elementor-element elementor-element-f8ee66c elementor-section-content-middle elementor-section-full_width elementor-section-height-default elementor-section-height-default\" data-id=\"f8ee66c\" data-element_type=\"section\" data-e-type=\"section\" data-settings=\"{&quot;background_background&quot;:&quot;classic&quot;}\">\n\t\t\t\t\t\t<div class=\"elementor-container elementor-column-gap-no\">\n\t\t\t\t\t<div class=\"elementor-column elementor-col-50 elementor-inner-column elementor-element elementor-element-33b2735\" data-id=\"33b2735\" data-element_type=\"column\" data-e-type=\"column\" data-settings=\"{&quot;background_background&quot;:&quot;classic&quot;}\">\n\t\t\t<div class=\"elementor-widget-wrap elementor-element-populated\">\n\t\t\t\t\t<div class=\"elementor-background-overlay\"><\/div>\n\t\t\t\t\t\t<div class=\"elementor-element elementor-element-8f1a1c8 elementor-widget elementor-widget-spacer\" data-id=\"8f1a1c8\" data-element_type=\"widget\" data-e-type=\"widget\" data-widget_type=\"spacer.default\">\n\t\t\t\t<div class=\"elementor-widget-container\">\n\t\t\t\t\t\t\t<div class=\"elementor-spacer\">\n\t\t\t<div class=\"elementor-spacer-inner\"><\/div>\n\t\t<\/div>\n\t\t\t\t\t\t<\/div>\n\t\t\t\t<\/div>\n\t\t\t\t\t<\/div>\n\t\t<\/div>\n\t\t\t\t<div class=\"elementor-column elementor-col-50 elementor-inner-column elementor-element elementor-element-756d219\" data-id=\"756d219\" data-element_type=\"column\" data-e-type=\"column\">\n\t\t\t<div class=\"elementor-widget-wrap elementor-element-populated\">\n\t\t\t\t\t\t<div class=\"elementor-element elementor-element-04e017f elementor-widget-tablet__width-initial elementor-widget elementor-widget-heading\" data-id=\"04e017f\" data-element_type=\"widget\" data-e-type=\"widget\" data-widget_type=\"heading.default\">\n\t\t\t\t<div class=\"elementor-widget-container\">\n\t\t\t\t\t<h1 class=\"elementor-heading-title elementor-size-default\">Trousse d'outils du chercheur d'emploi<\/h1>\t\t\t\t<\/div>\n\t\t\t\t<\/div>\n\t\t\t\t\t<\/div>\n\t\t<\/div>\n\t\t\t\t\t<\/div>\n\t\t<\/section>\n\t\t\t\t\t<\/div>\n\t\t<\/div>\n\t\t\t\t\t<\/div>\n\t\t<\/section>\n\t\t\t\t<section class=\"elementor-section elementor-top-section elementor-element elementor-element-d88bf43 elementor-section-boxed elementor-section-height-default elementor-section-height-default\" data-id=\"d88bf43\" data-element_type=\"section\" data-e-type=\"section\">\n\t\t\t\t\t\t<div class=\"elementor-container elementor-column-gap-default\">\n\t\t\t\t\t<div class=\"elementor-column elementor-col-100 elementor-top-column elementor-element elementor-element-7429d01\" data-id=\"7429d01\" data-element_type=\"column\" data-e-type=\"column\" data-settings=\"{&quot;background_background&quot;:&quot;classic&quot;}\">\n\t\t\t<div class=\"elementor-widget-wrap elementor-element-populated\">\n\t\t\t\t\t\t<div class=\"elementor-element elementor-element-6d28e58 elementor-nav-menu__align-start elementor-nav-menu__text-align-center elementor-nav-menu--dropdown-tablet elementor-nav-menu--toggle elementor-nav-menu--burger elementor-widget elementor-widget-nav-menu\" data-id=\"6d28e58\" data-element_type=\"widget\" data-e-type=\"widget\" data-settings=\"{&quot;layout&quot;:&quot;horizontal&quot;,&quot;submenu_icon&quot;:{&quot;value&quot;:&quot;&lt;i class=\\&quot;fas fa-caret-down\\&quot; aria-hidden=\\&quot;true\\&quot;&gt;&lt;\\\/i&gt;&quot;,&quot;library&quot;:&quot;fa-solid&quot;},&quot;toggle&quot;:&quot;burger&quot;}\" data-widget_type=\"nav-menu.default\">\n\t\t\t\t<div class=\"elementor-widget-container\">\n\t\t\t\t\t\t\t\t<nav aria-label=\"Menu\" class=\"elementor-nav-menu--main elementor-nav-menu__container elementor-nav-menu--layout-horizontal e--pointer-background e--animation-fade\">\n\t\t\t\t<ul id=\"menu-1-6d28e58\" class=\"elementor-nav-menu\"><li class=\"menu-item menu-item-type-post_type menu-item-object-page menu-item-485\"><a href=\"https:\/\/accessiblework.ca\/fr\/centre-de-ressources\/trousse-doutils-du-chercheur-demploi\/\" class=\"elementor-item\">Accueil<\/a><\/li>\n<li class=\"menu-item menu-item-type-post_type menu-item-object-page menu-item-486\"><a href=\"https:\/\/accessiblework.ca\/fr\/centre-de-ressources\/trousse-doutils-du-chercheur-demploi\/1-0-linkedin\/\" class=\"elementor-item\">LinkedIn<\/a><\/li>\n<li class=\"menu-item menu-item-type-post_type menu-item-object-page menu-item-487\"><a href=\"https:\/\/accessiblework.ca\/fr\/centre-de-ressources\/trousse-doutils-du-chercheur-demploi\/2-0-linkedin-advanced\/\" class=\"elementor-item\">LinkedIn avanc\u00e9<\/a><\/li>\n<li class=\"menu-item menu-item-type-post_type menu-item-object-page menu-item-488\"><a href=\"https:\/\/accessiblework.ca\/fr\/centre-de-ressources\/trousse-doutils-du-chercheur-demploi\/3-0-competences-numeriques-en-matiere-de-recherche-demploi\/\" class=\"elementor-item\">Comp\u00e9tences num\u00e9riques pour la recherche d&#8217;emploi<\/a><\/li>\n<li class=\"menu-item menu-item-type-post_type menu-item-object-page menu-item-489\"><a href=\"https:\/\/accessiblework.ca\/fr\/centre-de-ressources\/trousse-doutils-du-chercheur-demploi\/4-0-gerer-votre-presence-en-ligne\/\" class=\"elementor-item\">G\u00e9rer votre pr\u00e9sence en ligne<\/a><\/li>\n<li class=\"menu-item menu-item-type-post_type menu-item-object-page menu-item-490\"><a href=\"https:\/\/accessiblework.ca\/fr\/centre-de-ressources\/trousse-doutils-du-chercheur-demploi\/5-0-lauto-apprentissage\/\" class=\"elementor-item\">L&rsquo;auto-apprentissage<\/a><\/li>\n<li class=\"menu-item menu-item-type-post_type menu-item-object-page menu-item-491\"><a href=\"https:\/\/accessiblework.ca\/fr\/centre-de-ressources\/trousse-doutils-du-chercheur-demploi\/6-0-esprit-attitude-et-motivation\/\" class=\"elementor-item\">Esprit, attitude et motivation<\/a><\/li>\n<li class=\"menu-item menu-item-type-post_type menu-item-object-page menu-item-492\"><a href=\"https:\/\/accessiblework.ca\/fr\/centre-de-ressources\/trousse-doutils-du-chercheur-demploi\/7-0-droits-des-personnes-handicapees-et-acces-a-lemploi\/\" class=\"elementor-item\">Droits des personnes handicap\u00e9es + acc\u00e8s \u00e0 l&#8217;emploi<\/a><\/li>\n<\/ul>\t\t\t<\/nav>\n\t\t\t\t\t<div class=\"elementor-menu-toggle\" role=\"button\" tabindex=\"0\" aria-label=\"Permuter le menu\" aria-expanded=\"false\">\n\t\t\t<i aria-hidden=\"true\" role=\"presentation\" class=\"elementor-menu-toggle__icon--open fas fa-plus\"><\/i><i aria-hidden=\"true\" role=\"presentation\" class=\"elementor-menu-toggle__icon--close eicon-close\"><\/i>\t\t<\/div>\n\t\t\t\t\t<nav class=\"elementor-nav-menu--dropdown elementor-nav-menu__container\" aria-hidden=\"true\">\n\t\t\t\t<ul id=\"menu-2-6d28e58\" class=\"elementor-nav-menu\"><li class=\"menu-item menu-item-type-post_type menu-item-object-page menu-item-485\"><a href=\"https:\/\/accessiblework.ca\/fr\/centre-de-ressources\/trousse-doutils-du-chercheur-demploi\/\" class=\"elementor-item\" tabindex=\"-1\">Accueil<\/a><\/li>\n<li class=\"menu-item menu-item-type-post_type menu-item-object-page menu-item-486\"><a href=\"https:\/\/accessiblework.ca\/fr\/centre-de-ressources\/trousse-doutils-du-chercheur-demploi\/1-0-linkedin\/\" class=\"elementor-item\" tabindex=\"-1\">LinkedIn<\/a><\/li>\n<li class=\"menu-item menu-item-type-post_type menu-item-object-page menu-item-487\"><a href=\"https:\/\/accessiblework.ca\/fr\/centre-de-ressources\/trousse-doutils-du-chercheur-demploi\/2-0-linkedin-advanced\/\" class=\"elementor-item\" tabindex=\"-1\">LinkedIn avanc\u00e9<\/a><\/li>\n<li class=\"menu-item menu-item-type-post_type menu-item-object-page menu-item-488\"><a href=\"https:\/\/accessiblework.ca\/fr\/centre-de-ressources\/trousse-doutils-du-chercheur-demploi\/3-0-competences-numeriques-en-matiere-de-recherche-demploi\/\" class=\"elementor-item\" tabindex=\"-1\">Comp\u00e9tences num\u00e9riques pour la recherche d&#8217;emploi<\/a><\/li>\n<li class=\"menu-item menu-item-type-post_type menu-item-object-page menu-item-489\"><a href=\"https:\/\/accessiblework.ca\/fr\/centre-de-ressources\/trousse-doutils-du-chercheur-demploi\/4-0-gerer-votre-presence-en-ligne\/\" class=\"elementor-item\" tabindex=\"-1\">G\u00e9rer votre pr\u00e9sence en ligne<\/a><\/li>\n<li class=\"menu-item menu-item-type-post_type menu-item-object-page menu-item-490\"><a href=\"https:\/\/accessiblework.ca\/fr\/centre-de-ressources\/trousse-doutils-du-chercheur-demploi\/5-0-lauto-apprentissage\/\" class=\"elementor-item\" tabindex=\"-1\">L&rsquo;auto-apprentissage<\/a><\/li>\n<li class=\"menu-item menu-item-type-post_type menu-item-object-page menu-item-491\"><a href=\"https:\/\/accessiblework.ca\/fr\/centre-de-ressources\/trousse-doutils-du-chercheur-demploi\/6-0-esprit-attitude-et-motivation\/\" class=\"elementor-item\" tabindex=\"-1\">Esprit, attitude et motivation<\/a><\/li>\n<li class=\"menu-item menu-item-type-post_type menu-item-object-page menu-item-492\"><a href=\"https:\/\/accessiblework.ca\/fr\/centre-de-ressources\/trousse-doutils-du-chercheur-demploi\/7-0-droits-des-personnes-handicapees-et-acces-a-lemploi\/\" class=\"elementor-item\" tabindex=\"-1\">Droits des personnes handicap\u00e9es + acc\u00e8s \u00e0 l&#8217;emploi<\/a><\/li>\n<\/ul>\t\t\t<\/nav>\n\t\t\t\t\t\t<\/div>\n\t\t\t\t<\/div>\n\t\t\t\t\t<\/div>\n\t\t<\/div>\n\t\t\t\t\t<\/div>\n\t\t<\/section>\n\t\t\t\t<section class=\"elementor-section elementor-top-section elementor-element elementor-element-ef5c514 elementor-section-boxed elementor-section-height-default elementor-section-height-default\" data-id=\"ef5c514\" data-element_type=\"section\" data-e-type=\"section\">\n\t\t\t\t\t\t<div class=\"elementor-container elementor-column-gap-default\">\n\t\t\t\t\t<div class=\"elementor-column elementor-col-100 elementor-top-column elementor-element elementor-element-f4b671c\" data-id=\"f4b671c\" data-element_type=\"column\" data-e-type=\"column\" data-settings=\"{&quot;background_background&quot;:&quot;classic&quot;}\">\n\t\t\t<div class=\"elementor-widget-wrap elementor-element-populated\">\n\t\t\t\t\t\t<section class=\"elementor-section elementor-inner-section elementor-element elementor-element-d43fc19 elementor-section-full_width elementor-reverse-tablet elementor-reverse-mobile elementor-section-height-default elementor-section-height-default\" data-id=\"d43fc19\" data-element_type=\"section\" data-e-type=\"section\">\n\t\t\t\t\t\t<div class=\"elementor-container elementor-column-gap-no\">\n\t\t\t\t\t<div class=\"elementor-column elementor-col-50 elementor-inner-column elementor-element elementor-element-8ab0255\" data-id=\"8ab0255\" data-element_type=\"column\" data-e-type=\"column\">\n\t\t\t<div class=\"elementor-widget-wrap elementor-element-populated\">\n\t\t\t\t\t\t<div class=\"elementor-element elementor-element-de7bcd0 elementor-widget-tablet__width-initial elementor-widget elementor-widget-heading\" data-id=\"de7bcd0\" data-element_type=\"widget\" data-e-type=\"widget\" data-widget_type=\"heading.default\">\n\t\t\t\t<div class=\"elementor-widget-container\">\n\t\t\t\t\t<h1 class=\"elementor-heading-title elementor-size-default\">1.0 LinkedIn<\/h1>\t\t\t\t<\/div>\n\t\t\t\t<\/div>\n\t\t\t\t<div class=\"elementor-element elementor-element-92cdf98 elementor-widget elementor-widget-text-editor\" data-id=\"92cdf98\" data-element_type=\"widget\" data-e-type=\"widget\" data-widget_type=\"text-editor.default\">\n\t\t\t\t<div class=\"elementor-widget-container\">\n\t\t\t\t\t\t\t\t\t<div class=\"wpb_text_column wpb_content_element vc_custom_1644511922133 feature-text\"><div class=\"wpb_wrapper\"><p data-wahfont=\"20\"><span data-wahfont=\"20\">LinkedIn est la plateforme de m\u00e9dias sociaux du monde de l&#8217;emploi. De la m\u00eame mani\u00e8re que nous utilisons Facebook, Twitter et Instagram pour nous connecter et rester en contact avec nos amis et nos proches, LinkedIn offre aux utilisateurs un moyen de montrer le meilleur d&rsquo;eux-m\u00eames sur le plan professionnel en leur donnant la possibilit\u00e9 d&rsquo;\u00e9largir leur r\u00e9seau, de d\u00e9couvrir des offres d&#8217;emploi int\u00e9ressantes et de partager leurs r\u00e9alisations et leurs d\u00e9veloppements professionnels avec leur communaut\u00e9 LinkedIn. <\/span><\/p><\/div><\/div><div class=\"wpb_text_column wpb_content_element \"><div class=\"wpb_wrapper\"><p data-wahfont=\"16\"><strong>Avoir un profil LinkedIn pr\u00e9sente de nombreux avantages :<\/strong><span data-wahfont=\"16\"><br><\/span><\/p><ul><li aria-level=\"1\"><span data-wahfont=\"16\">Il s&rsquo;agit d&rsquo;une page de vente personnelle qui met en \u00e9vidence vos principales comp\u00e9tences et qualifications professionnelles.  <\/span><\/li><li aria-level=\"1\"><span data-wahfont=\"16\">Vous permet de vous mettre en r\u00e9seau et d&rsquo;entrer en contact avec des professionnels de votre secteur d&rsquo;activit\u00e9.  <\/span><\/li><li aria-level=\"1\"><span data-wahfont=\"16\">Il dispose de son propre tableau d&rsquo;affichage des offres d&#8217;emploi, sur lequel des milliers d&#8217;employeurs de premier plan publient r\u00e9guli\u00e8rement des offres.  <\/span><\/li><li aria-level=\"1\"><span data-wahfont=\"16\">Il offre aux utilisateurs des cours num\u00e9riques et des possibilit\u00e9s de formation qui leur permettent d&rsquo;am\u00e9liorer leurs comp\u00e9tences et de se d\u00e9marquer davantage de la concurrence.  <\/span><\/li><li aria-level=\"1\"><span data-wahfont=\"16\">C&rsquo;est un outil formidable pour aider les utilisateurs \u00e0 construire leur marque personnelle.  <\/span><\/li><li aria-level=\"1\"><span data-wahfont=\"16\">Il compte plus de 600 millions d&rsquo;utilisateurs dans le monde et continue de cro\u00eetre chaque jour.<\/span><\/li><\/ul><\/div><\/div>\t\t\t\t\t\t\t\t<\/div>\n\t\t\t\t<\/div>\n\t\t\t\t\t<\/div>\n\t\t<\/div>\n\t\t\t\t<div class=\"elementor-column elementor-col-50 elementor-inner-column elementor-element elementor-element-b06fbd9\" data-id=\"b06fbd9\" data-element_type=\"column\" data-e-type=\"column\">\n\t\t\t<div class=\"elementor-widget-wrap elementor-element-populated\">\n\t\t\t\t\t\t<div class=\"elementor-element elementor-element-f53f8e0 elementor-widget elementor-widget-image\" data-id=\"f53f8e0\" data-element_type=\"widget\" data-e-type=\"widget\" data-widget_type=\"image.default\">\n\t\t\t\t<div class=\"elementor-widget-container\">\n\t\t\t\t\t\t\t\t\t\t\t\t\t\t\t<img fetchpriority=\"high\" decoding=\"async\" width=\"724\" height=\"694\" src=\"https:\/\/accessiblework.ca\/wp-content\/uploads\/2024\/02\/linkedin.png\" class=\"attachment-medium_large size-medium_large wp-image-386\" alt=\"\" srcset=\"https:\/\/accessiblework.ca\/wp-content\/uploads\/2024\/02\/linkedin.png 724w, https:\/\/accessiblework.ca\/wp-content\/uploads\/2024\/02\/linkedin-300x288.png 300w\" sizes=\"(max-width: 724px) 100vw, 724px\" \/>\t\t\t\t\t\t\t\t\t\t\t\t\t\t\t<\/div>\n\t\t\t\t<\/div>\n\t\t\t\t<div class=\"elementor-element elementor-element-3f7442d elementor-widget elementor-widget-heading\" data-id=\"3f7442d\" data-element_type=\"widget\" data-e-type=\"widget\" data-widget_type=\"heading.default\">\n\t\t\t\t<div class=\"elementor-widget-container\">\n\t\t\t\t\t<h2 class=\"elementor-heading-title elementor-size-default\">Suivez-nous sur Linkedin<\/h2>\t\t\t\t<\/div>\n\t\t\t\t<\/div>\n\t\t\t\t<div class=\"elementor-element elementor-element-80fc82d elementor-align-center elementor-widget elementor-widget-button\" data-id=\"80fc82d\" data-element_type=\"widget\" data-e-type=\"widget\" data-widget_type=\"button.default\">\n\t\t\t\t<div class=\"elementor-widget-container\">\n\t\t\t\t\t\t\t\t\t<div class=\"elementor-button-wrapper\">\n\t\t\t\t\t<a class=\"elementor-button elementor-button-link elementor-size-md\" href=\"https:\/\/www.linkedin.com\/showcase\/accessible-employment-services\/\" target=\"_blank\">\n\t\t\t\t\t\t<span class=\"elementor-button-content-wrapper\">\n\t\t\t\t\t\t<span class=\"elementor-button-icon\">\n\t\t\t\t<i aria-hidden=\"true\" class=\"fab fa-linkedin-in\"><\/i>\t\t\t<\/span>\n\t\t\t\t\t\t\t\t\t<span class=\"elementor-button-text\">Services en mati\u00e8re d'emploi inclusif<\/span>\n\t\t\t\t\t<\/span>\n\t\t\t\t\t<\/a>\n\t\t\t\t<\/div>\n\t\t\t\t\t\t\t\t<\/div>\n\t\t\t\t<\/div>\n\t\t\t\t\t<\/div>\n\t\t<\/div>\n\t\t\t\t\t<\/div>\n\t\t<\/section>\n\t\t\t\t\t<\/div>\n\t\t<\/div>\n\t\t\t\t\t<\/div>\n\t\t<\/section>\n\t\t\t\t<section class=\"elementor-section elementor-top-section elementor-element elementor-element-4ef0881 elementor-section-boxed elementor-section-height-default elementor-section-height-default\" data-id=\"4ef0881\" data-element_type=\"section\" data-e-type=\"section\" data-settings=\"{&quot;background_background&quot;:&quot;classic&quot;}\">\n\t\t\t\t\t\t<div class=\"elementor-container elementor-column-gap-default\">\n\t\t\t\t\t<div class=\"elementor-column elementor-col-100 elementor-top-column elementor-element elementor-element-5035550\" data-id=\"5035550\" data-element_type=\"column\" data-e-type=\"column\">\n\t\t\t<div class=\"elementor-widget-wrap elementor-element-populated\">\n\t\t\t\t\t\t<div class=\"elementor-element elementor-element-bb5ca64 elementor-widget elementor-widget-accordion\" data-id=\"bb5ca64\" data-element_type=\"widget\" data-e-type=\"widget\" data-widget_type=\"accordion.default\">\n\t\t\t\t<div class=\"elementor-widget-container\">\n\t\t\t\t\t\t\t<div class=\"elementor-accordion\">\n\t\t\t\t\t\t\t<div class=\"elementor-accordion-item\">\n\t\t\t\t\t<div id=\"elementor-tab-title-1961\" class=\"elementor-tab-title\" data-tab=\"1\" role=\"button\" aria-controls=\"elementor-tab-content-1961\" aria-expanded=\"false\">\n\t\t\t\t\t\t\t\t\t\t\t\t\t<span class=\"elementor-accordion-icon elementor-accordion-icon-left\" aria-hidden=\"true\">\n\t\t\t\t\t\t\t\t\t\t\t\t\t\t\t<span class=\"elementor-accordion-icon-closed\"><i class=\"fas fa-plus\"><\/i><\/span>\n\t\t\t\t\t\t\t\t<span class=\"elementor-accordion-icon-opened\"><i class=\"fas fa-minus\"><\/i><\/span>\n\t\t\t\t\t\t\t\t\t\t\t\t\t\t<\/span>\n\t\t\t\t\t\t\t\t\t\t\t\t<a class=\"elementor-accordion-title\" tabindex=\"0\">Les bases de LinkedIn<\/a>\n\t\t\t\t\t<\/div>\n\t\t\t\t\t<div id=\"elementor-tab-content-1961\" class=\"elementor-tab-content elementor-clearfix\" data-tab=\"1\" role=\"region\" aria-labelledby=\"elementor-tab-title-1961\"><h4 data-wahfont=\"20\"><b>Cr\u00e9ation d&rsquo;un compte LinkedIn<\/b><\/h4>\n<ul>\n<li aria-level=\"1\"><span data-wahfont=\"16\">Si vous souhaitez cr\u00e9er un compte LinkedIn, visitez la page d&rsquo;accueil de LinkedIn <\/span><a role=\"link\" href=\"https:\/\/www.linkedin.com\/signup\/cold-join?trk=guest_homepage-basic_nav-header-join\" data-wahfont=\"16\"><span data-wahfont=\"16\">S&rsquo;inscrire<\/span><\/a><span data-wahfont=\"16\"> de LinkedIn.<\/span><\/li>\n<li aria-level=\"1\"><span data-wahfont=\"16\">Pour commencer, vous aurez besoin d&rsquo;une adresse \u00e9lectronique valide.  <\/span><\/li>\n<li aria-level=\"1\"><span data-wahfont=\"16\">Il vous sera alors demand\u00e9 de cr\u00e9er un mot de passe et de v\u00e9rifier votre compte.  <\/span><\/li>\n<\/ul>\n<h4 data-wahfont=\"20\"><b>Commencez par l&rsquo;essentiel<\/b><\/h4>\n<p data-wahfont=\"16\"><b>T\u00e9l\u00e9chargez une photo<\/b><b><br \/><\/b><span data-wahfont=\"16\"><br \/><\/span><span data-wahfont=\"16\">L&rsquo;une des premi\u00e8res choses que font les utilisateurs de LinkedIn lorsqu&rsquo;ils cr\u00e9ent leur profil est de t\u00e9l\u00e9charger une photo professionnelle afin d&rsquo;\u00eatre reconnus. <\/span> <\/p>\n<p data-wahfont=\"16\"><span data-wahfont=\"16\">Lorsque vous choisissez votre photo LinkedIn, veillez \u00e0 ce qu&rsquo;elle soit nette et professionnelle.  <\/span><\/p>\n<p data-wahfont=\"16\"><b>Ce qu&rsquo;il faut \u00e9viter :<\/b><\/p>\n<ul>\n<li aria-level=\"1\"><span data-wahfont=\"16\">Selfies.<\/span><\/li>\n<li aria-level=\"1\"><span data-wahfont=\"16\">Photos de groupe.<\/span><\/li>\n<li aria-level=\"1\"><span data-wahfont=\"16\">Arri\u00e8re-plans anim\u00e9s.<\/span><\/li>\n<li aria-level=\"1\"><span data-wahfont=\"16\">Photos floues.<\/span><\/li>\n<li aria-level=\"1\"><span data-wahfont=\"16\">Chapeaux et lunettes de soleil.<\/span><\/li>\n<\/ul>\n<p data-wahfont=\"16\"><b>Conseils pour le choix d&rsquo;une photo :<\/b><\/p>\n<ul>\n<li aria-level=\"1\"><span data-wahfont=\"16\">Choisissez une photo qui montre clairement votre visage.<\/span><\/li>\n<li aria-level=\"1\"><span data-wahfont=\"16\">Veillez \u00e0 porter une tenue propre et professionnelle.  <\/span><\/li>\n<li aria-level=\"1\"><span data-wahfont=\"16\">Choisissez un fond clair, comme un mur sombre.  <\/span><\/li>\n<li aria-level=\"1\"><span data-wahfont=\"16\">Regardez directement l&rsquo;appareil photo.  <\/span><\/li>\n<\/ul>\n<p data-wahfont=\"16\"><b>Cr\u00e9ez votre titre<\/b><\/p>\n<p data-wahfont=\"16\"><span data-wahfont=\"16\">Votre titre est comme une mini-biographie qui permet aux gens de savoir qui vous \u00eates et quel est votre secteur d&rsquo;activit\u00e9. C&rsquo;est l&rsquo;occasion de faire preuve de cr\u00e9ativit\u00e9 et de r\u00e9fl\u00e9chir au domaine dans lequel vous souhaitez vous sp\u00e9cialiser.   <\/span><\/p>\n<p data-wahfont=\"16\"><b>Exemples de bons titres :<\/b><b><br \/><\/b><\/p>\n<ul>\n<li aria-level=\"1\"><span data-wahfont=\"16\">Dipl\u00f4m\u00e9 en commerce | Marketing | Gestion de produits.<\/span><\/li>\n<li aria-level=\"1\"><span data-wahfont=\"16\">Chef de projet senior sp\u00e9cialis\u00e9 dans la gestion des relations.<\/span><\/li>\n<li aria-level=\"1\"><span data-wahfont=\"16\">J&rsquo;aide les gens \u00e0 trouver l&#8217;emploi de leurs r\u00eaves !<\/span><\/li>\n<li aria-level=\"1\"><span data-wahfont=\"16\">\u00c9crivain et interpr\u00e8te | Faire rire les gens | Construire des communaut\u00e9s fortes<\/span><\/li>\n<\/ul>\n<\/div>\n\t\t\t\t<\/div>\n\t\t\t\t\t\t\t<div class=\"elementor-accordion-item\">\n\t\t\t\t\t<div id=\"elementor-tab-title-1962\" class=\"elementor-tab-title\" data-tab=\"2\" role=\"button\" aria-controls=\"elementor-tab-content-1962\" aria-expanded=\"false\">\n\t\t\t\t\t\t\t\t\t\t\t\t\t<span class=\"elementor-accordion-icon elementor-accordion-icon-left\" aria-hidden=\"true\">\n\t\t\t\t\t\t\t\t\t\t\t\t\t\t\t<span class=\"elementor-accordion-icon-closed\"><i class=\"fas fa-plus\"><\/i><\/span>\n\t\t\t\t\t\t\t\t<span class=\"elementor-accordion-icon-opened\"><i class=\"fas fa-minus\"><\/i><\/span>\n\t\t\t\t\t\t\t\t\t\t\t\t\t\t<\/span>\n\t\t\t\t\t\t\t\t\t\t\t\t<a class=\"elementor-accordion-title\" tabindex=\"0\">R\u00e9digez votre section \"\u00c0 propos de\".<\/a>\n\t\t\t\t\t<\/div>\n\t\t\t\t\t<div id=\"elementor-tab-content-1962\" class=\"elementor-tab-content elementor-clearfix\" data-tab=\"2\" role=\"region\" aria-labelledby=\"elementor-tab-title-1962\"><p data-wahfont=\"16\"><span data-wahfont=\"16\">La section \u00ab\u00a0\u00c0 propos\u00a0\u00bb de votre profil LinkedIn est l&rsquo;occasion de pr\u00e9senter une biographie plus d\u00e9taill\u00e9e de vous, de votre exp\u00e9rience professionnelle, de vos motivations et du type de poste que vous esp\u00e9rez occuper. C&rsquo;est un excellent moyen d&rsquo;intriguer votre public, \u00e0 la fois par les comp\u00e9tences que vous offrez et par votre vision plus large ou vos espoirs. La section \u00ab\u00a0\u00c0 propos\u00a0\u00bb est l&rsquo;endroit o\u00f9 votre personnalit\u00e9 peut briller.    <\/span><\/p>\n<p data-wahfont=\"16\"><b>\u00c9l\u00e9ments \u00e0 prendre en compte lors de la r\u00e9daction de votre r\u00e9sum\u00e9 \u00ab\u00a0\u00c0 propos\u00a0\u00bb :<\/b><\/p>\n<ul>\n<li aria-level=\"1\"><span data-wahfont=\"16\">Qu&rsquo;est-ce qui vous passionne le plus dans votre carri\u00e8re ?<\/span><\/li>\n<li aria-level=\"1\"><span data-wahfont=\"16\">Quelle est la r\u00e9alisation dont vous \u00eates le plus fier \u00e0 ce jour ?<\/span><\/li>\n<li aria-level=\"1\"><span data-wahfont=\"16\">Quelles sont vos principales comp\u00e9tences ?<\/span><\/li>\n<li aria-level=\"1\"><span data-wahfont=\"16\">Qu&rsquo;esp\u00e9rez-vous obtenir ?<\/span><\/li>\n<\/ul>\n<p data-wahfont=\"16\"><span data-wahfont=\"16\">Veillez \u00e0 utiliser des mots-cl\u00e9s pertinents pour votre secteur d&rsquo;activit\u00e9 afin que les gens puissent vous trouver facilement. Limitez votre r\u00e9sum\u00e9 \u00e0 quelques paragraphes courts ne d\u00e9passant pas 2 ou 3 phrases, et n&rsquo;h\u00e9sitez pas \u00e0 incorporer des puces pour diviser le contenu, ce qui le rendra plus facile \u00e0 lire et plus int\u00e9ressant. <\/span><\/p>\n<\/div>\n\t\t\t\t<\/div>\n\t\t\t\t\t\t\t<div class=\"elementor-accordion-item\">\n\t\t\t\t\t<div id=\"elementor-tab-title-1963\" class=\"elementor-tab-title\" data-tab=\"3\" role=\"button\" aria-controls=\"elementor-tab-content-1963\" aria-expanded=\"false\">\n\t\t\t\t\t\t\t\t\t\t\t\t\t<span class=\"elementor-accordion-icon elementor-accordion-icon-left\" aria-hidden=\"true\">\n\t\t\t\t\t\t\t\t\t\t\t\t\t\t\t<span class=\"elementor-accordion-icon-closed\"><i class=\"fas fa-plus\"><\/i><\/span>\n\t\t\t\t\t\t\t\t<span class=\"elementor-accordion-icon-opened\"><i class=\"fas fa-minus\"><\/i><\/span>\n\t\t\t\t\t\t\t\t\t\t\t\t\t\t<\/span>\n\t\t\t\t\t\t\t\t\t\t\t\t<a class=\"elementor-accordion-title\" tabindex=\"0\">Les m\u00e9dias<\/a>\n\t\t\t\t\t<\/div>\n\t\t\t\t\t<div id=\"elementor-tab-content-1963\" class=\"elementor-tab-content elementor-clearfix\" data-tab=\"3\" role=\"region\" aria-labelledby=\"elementor-tab-title-1963\"><p data-wahfont=\"16\"><span data-wahfont=\"16\">Si vous avez des \u00e9l\u00e9ments que vous souhaitez t\u00e9l\u00e9charger, vous pouvez les ajouter \u00e0 votre section m\u00e9dias pour vous d\u00e9marquer et d\u00e9montrer vos comp\u00e9tences.  <\/span><\/p>\n<p data-wahfont=\"16\"><b>Exemples de m\u00e9dias \u00e0 t\u00e9l\u00e9charger :<\/b><\/p>\n<ul>\n<li aria-level=\"1\"><span data-wahfont=\"16\">Une vid\u00e9o que vous avez cr\u00e9\u00e9e.  <\/span><\/li>\n<li aria-level=\"1\"><span data-wahfont=\"16\">Une photo d&rsquo;un prix ou d&rsquo;un certificat.<\/span><\/li>\n<li aria-level=\"1\"><span data-wahfont=\"16\">Un portfolio visuel sous la forme d&rsquo;un jeu de diapositives ou d&rsquo;un powerpoint.<\/span><\/li>\n<\/ul>\n<\/div>\n\t\t\t\t<\/div>\n\t\t\t\t\t\t\t<div class=\"elementor-accordion-item\">\n\t\t\t\t\t<div id=\"elementor-tab-title-1964\" class=\"elementor-tab-title\" data-tab=\"4\" role=\"button\" aria-controls=\"elementor-tab-content-1964\" aria-expanded=\"false\">\n\t\t\t\t\t\t\t\t\t\t\t\t\t<span class=\"elementor-accordion-icon elementor-accordion-icon-left\" aria-hidden=\"true\">\n\t\t\t\t\t\t\t\t\t\t\t\t\t\t\t<span class=\"elementor-accordion-icon-closed\"><i class=\"fas fa-plus\"><\/i><\/span>\n\t\t\t\t\t\t\t\t<span class=\"elementor-accordion-icon-opened\"><i class=\"fas fa-minus\"><\/i><\/span>\n\t\t\t\t\t\t\t\t\t\t\t\t\t\t<\/span>\n\t\t\t\t\t\t\t\t\t\t\t\t<a class=\"elementor-accordion-title\" tabindex=\"0\">Exp\u00e9rience<\/a>\n\t\t\t\t\t<\/div>\n\t\t\t\t\t<div id=\"elementor-tab-content-1964\" class=\"elementor-tab-content elementor-clearfix\" data-tab=\"4\" role=\"region\" aria-labelledby=\"elementor-tab-title-1964\"><p data-wahfont=\"16\"><span data-wahfont=\"16\">Vous serez invit\u00e9 \u00e0 partager votre exp\u00e9rience professionnelle. Il s&rsquo;agit d&rsquo;une mani\u00e8re plus cr\u00e9ative et plus dynamique de raconter votre parcours professionnel. Bien que cela soit similaire \u00e0 l&rsquo;\u00e9laboration de votre CV, LinkedIn est un moyen moins formel d&rsquo;expliquer \u00e0 votre public comment vous \u00eates arriv\u00e9 l\u00e0 o\u00f9 vous \u00eates actuellement.    <\/span><\/p>\n<p data-wahfont=\"16\"><b>Conseils :<\/b><span data-wahfont=\"16\"> <\/span><\/p>\n<ul>\n<li aria-level=\"1\"><span data-wahfont=\"16\">\u00c9vitez de copier\/coller directement \u00e0 partir de votre CV.<\/span><\/li>\n<li aria-level=\"1\"><span data-wahfont=\"16\">Vous pouvez utiliser la premi\u00e8re personne pour d\u00e9crire les r\u00e9alisations dont vous \u00eates le plus fier dans vos fonctions pr\u00e9c\u00e9dentes.  <\/span><\/li>\n<li aria-level=\"1\"><span data-wahfont=\"16\">Si vous disposez d&rsquo;un \u00e9l\u00e9ment visuel pour mettre en valeur votre exp\u00e9rience, comme une affiche que vous avez con\u00e7ue, n&rsquo;h\u00e9sitez pas \u00e0 le t\u00e9l\u00e9charger dans la section m\u00e9dia sous chaque exp\u00e9rience professionnelle.  <\/span><\/li>\n<\/ul>\n<\/div>\n\t\t\t\t<\/div>\n\t\t\t\t\t\t\t<div class=\"elementor-accordion-item\">\n\t\t\t\t\t<div id=\"elementor-tab-title-1965\" class=\"elementor-tab-title\" data-tab=\"5\" role=\"button\" aria-controls=\"elementor-tab-content-1965\" aria-expanded=\"false\">\n\t\t\t\t\t\t\t\t\t\t\t\t\t<span class=\"elementor-accordion-icon elementor-accordion-icon-left\" aria-hidden=\"true\">\n\t\t\t\t\t\t\t\t\t\t\t\t\t\t\t<span class=\"elementor-accordion-icon-closed\"><i class=\"fas fa-plus\"><\/i><\/span>\n\t\t\t\t\t\t\t\t<span class=\"elementor-accordion-icon-opened\"><i class=\"fas fa-minus\"><\/i><\/span>\n\t\t\t\t\t\t\t\t\t\t\t\t\t\t<\/span>\n\t\t\t\t\t\t\t\t\t\t\t\t<a class=\"elementor-accordion-title\" tabindex=\"0\">L'\u00e9ducation<\/a>\n\t\t\t\t\t<\/div>\n\t\t\t\t\t<div id=\"elementor-tab-content-1965\" class=\"elementor-tab-content elementor-clearfix\" data-tab=\"5\" role=\"region\" aria-labelledby=\"elementor-tab-title-1965\"><p data-wahfont=\"16\"><span data-wahfont=\"16\">Votre section \u00ab\u00a0formation\u00a0\u00bb est la partie de votre compte LinkedIn qui indique \u00e0 votre public les dipl\u00f4mes officiels que vous poss\u00e9dez et qui sont pertinents pour votre secteur d&rsquo;activit\u00e9.<\/span><\/p>\n<p data-wahfont=\"16\"><b>Conseils<\/b><span data-wahfont=\"16\">:<\/span><\/p>\n<ul>\n<li aria-level=\"1\"><span data-wahfont=\"16\">Si vous avez quitt\u00e9 l&rsquo;\u00e9cole secondaire depuis plus de cinq ans, vous n&rsquo;avez pas besoin d&rsquo;indiquer votre dipl\u00f4me d&rsquo;\u00e9tudes secondaires.  <\/span><\/li>\n<li aria-level=\"1\"><span data-wahfont=\"16\">En ce qui concerne l&rsquo;enseignement sup\u00e9rieur, n&rsquo;h\u00e9sitez pas \u00e0 \u00e9num\u00e9rer les cours sp\u00e9cifiques que vous avez suivis et qui sont en rapport avec vos comp\u00e9tences, ainsi que les clubs et associations dont vous avez fait partie. Pour les nouveaux dipl\u00f4m\u00e9s, cette d\u00e9marche est particuli\u00e8rement utile, car m\u00eame avec une exp\u00e9rience professionnelle limit\u00e9e, vous serez en mesure de d\u00e9montrer certaines de vos comp\u00e9tences et de vos centres d&rsquo;int\u00e9r\u00eat. <\/span><\/li>\n<\/ul>\n<\/div>\n\t\t\t\t<\/div>\n\t\t\t\t\t\t\t<div class=\"elementor-accordion-item\">\n\t\t\t\t\t<div id=\"elementor-tab-title-1966\" class=\"elementor-tab-title\" data-tab=\"6\" role=\"button\" aria-controls=\"elementor-tab-content-1966\" aria-expanded=\"false\">\n\t\t\t\t\t\t\t\t\t\t\t\t\t<span class=\"elementor-accordion-icon elementor-accordion-icon-left\" aria-hidden=\"true\">\n\t\t\t\t\t\t\t\t\t\t\t\t\t\t\t<span class=\"elementor-accordion-icon-closed\"><i class=\"fas fa-plus\"><\/i><\/span>\n\t\t\t\t\t\t\t\t<span class=\"elementor-accordion-icon-opened\"><i class=\"fas fa-minus\"><\/i><\/span>\n\t\t\t\t\t\t\t\t\t\t\t\t\t\t<\/span>\n\t\t\t\t\t\t\t\t\t\t\t\t<a class=\"elementor-accordion-title\" tabindex=\"0\">Comp\u00e9tences + mentions<\/a>\n\t\t\t\t\t<\/div>\n\t\t\t\t\t<div id=\"elementor-tab-content-1966\" class=\"elementor-tab-content elementor-clearfix\" data-tab=\"6\" role=\"region\" aria-labelledby=\"elementor-tab-title-1966\"><p data-wahfont=\"16\"><span data-wahfont=\"16\">La section \u00ab\u00a0comp\u00e9tences et attestations\u00a0\u00bb est un outil qui vous permet de mettre l&rsquo;accent sur vos principales comp\u00e9tences. Pour tirer le meilleur parti de cet outil, r\u00e9fl\u00e9chissez \u00e0 3 \u00e0 5 de vos comp\u00e9tences les plus utiles et les plus pertinentes qui attireront l&rsquo;attention des employeurs, puis r\u00e9pertoriez-les dans la rubrique \u00ab\u00a0comp\u00e9tences\u00a0\u00bb.   <\/span><\/p>\n<p data-wahfont=\"16\"><span data-wahfont=\"16\">L&rsquo;avantage de cette fonction est qu&rsquo;une fois votre r\u00e9seau \u00e9tabli, les gens pourront aller sur votre profil et vous recommander pour des comp\u00e9tences sp\u00e9cifiques qui vous aideront \u00e0 vous d\u00e9marquer &#8211; une recommandation sur LinkedIn est comme une r\u00e9f\u00e9rence de quelqu&rsquo;un qui a travaill\u00e9 avec vous dans le pass\u00e9 et qui peut se porter garant de vos comp\u00e9tences dans un domaine sp\u00e9cifique.  <\/span><\/p>\n<p data-wahfont=\"16\"><b>Conseils :<\/b><\/p>\n<ul>\n<li aria-level=\"1\"><span data-wahfont=\"16\">Concentrez-vous uniquement sur les comp\u00e9tences pour lesquelles vous souhaitez \u00eatre reconnu.<\/span><\/li>\n<li aria-level=\"1\"><span data-wahfont=\"16\">Gardez \u00e0 l&rsquo;esprit qu&rsquo;il faudra du temps pour accumuler les mentions, soyez patient et appr\u00e9ciez le processus.  <\/span><\/li>\n<\/ul>\n<\/div>\n\t\t\t\t<\/div>\n\t\t\t\t\t\t\t<div class=\"elementor-accordion-item\">\n\t\t\t\t\t<div id=\"elementor-tab-title-1967\" class=\"elementor-tab-title\" data-tab=\"7\" role=\"button\" aria-controls=\"elementor-tab-content-1967\" aria-expanded=\"false\">\n\t\t\t\t\t\t\t\t\t\t\t\t\t<span class=\"elementor-accordion-icon elementor-accordion-icon-left\" aria-hidden=\"true\">\n\t\t\t\t\t\t\t\t\t\t\t\t\t\t\t<span class=\"elementor-accordion-icon-closed\"><i class=\"fas fa-plus\"><\/i><\/span>\n\t\t\t\t\t\t\t\t<span class=\"elementor-accordion-icon-opened\"><i class=\"fas fa-minus\"><\/i><\/span>\n\t\t\t\t\t\t\t\t\t\t\t\t\t\t<\/span>\n\t\t\t\t\t\t\t\t\t\t\t\t<a class=\"elementor-accordion-title\" tabindex=\"0\">Conditions d'utilisation de Linkedin<\/a>\n\t\t\t\t\t<\/div>\n\t\t\t\t\t<div id=\"elementor-tab-content-1967\" class=\"elementor-tab-content elementor-clearfix\" data-tab=\"7\" role=\"region\" aria-labelledby=\"elementor-tab-title-1967\"><p data-wahfont=\"16\"><b>Profil<\/b><span data-wahfont=\"16\">: Un profil fait r\u00e9f\u00e9rence \u00e0 la page d&rsquo;accueil professionnelle individuelle d&rsquo;une personne, qui contient tout ce que vous avez t\u00e9l\u00e9charg\u00e9 (photo, titre, exp\u00e9rience, comp\u00e9tences, etc.).<\/span><\/p>\n<p data-wahfont=\"16\"><b>Demande de connexion<\/b><span data-wahfont=\"16\">: Une demande de connexion est une personne qui est tomb\u00e9e sur votre profil LinkedIn et qui souhaite vous ajouter \u00e0 son r\u00e9seau professionnel. Sur LinkedIn, il est courant de tomber sur d&rsquo;anciens camarades de classe et coll\u00e8gues. Vous pouvez donc recevoir des dizaines de demandes de connexion une fois votre profil compl\u00e9t\u00e9.   <\/span><\/p>\n<p data-wahfont=\"16\"><b>Connexion<\/b><span data-wahfont=\"16\">: Une connexion est une personne que vous avez d\u00e9j\u00e0 ajout\u00e9e \u00e0 votre r\u00e9seau LinkedIn. Une fois que vous \u00eates connect\u00e9, vous pouvez voir les mises \u00e0 jour et les messages de l&rsquo;autre et vous envoyer des messages par l&rsquo;interm\u00e9diaire du syst\u00e8me de messagerie de LinkedIn.   <\/span><\/p>\n<p data-wahfont=\"16\"><b>Page de l&rsquo;entreprise<\/b><span data-wahfont=\"16\">: Comme sur toute autre plateforme de m\u00e9dias sociaux, les entreprises et les organisations peuvent cr\u00e9er une page LinkedIn, o\u00f9 elles partagent leurs mises \u00e0 jour et leurs d\u00e9veloppements avec leurs communaut\u00e9s. En plus de vous connecter avec les personnes de votre r\u00e9seau, vous pouvez \u00e9galement vous connecter avec les entreprises et les organisations qui vous int\u00e9ressent.   <\/span><\/p>\n<p data-wahfont=\"16\"><b>Nourriture<\/b><span data-wahfont=\"16\">: Votre flux LinkedIn contient les messages, les mises \u00e0 jour et les partages des personnes de votre r\u00e9seau, ainsi que les entreprises ou les sujets d&rsquo;int\u00e9r\u00eat que vous suivez. <\/span> <\/p>\n<p data-wahfont=\"16\"><b>Recruteur :  <\/b><span data-wahfont=\"16\">Il existe des recruteurs dont le r\u00f4le est de publier des offres d&#8217;emploi sur LinkedIn et de rechercher des candidats qualifi\u00e9s qu&rsquo;ils souhaitent embaucher. Sur LinkedIn, un recruteur peut vous contacter directement apr\u00e8s avoir vu votre profil pour vous informer des opportunit\u00e9s qui pourraient vous convenir.   <\/span><\/p>\n<p data-wahfont=\"16\"><b>Endossement<\/b><span data-wahfont=\"16\">: Ce qui est int\u00e9ressant avec LinkedIn, c&rsquo;est qu&rsquo;une fois que vous avez \u00e9tabli votre r\u00e9seau, les personnes avec lesquelles vous \u00eates connect\u00e9 peuvent visiter votre profil et vous \u00ab\u00a0approuver\u00a0\u00bb pour les comp\u00e9tences sp\u00e9cifiques que vous avez list\u00e9es. Par exemple, vous avez peut-\u00eatre indiqu\u00e9 la conception de sites web comme l&rsquo;une de vos comp\u00e9tences. Si quelqu&rsquo;un dans votre liste de contacts peut se porter garant de vos comp\u00e9tences en mati\u00e8re de conception de sites web, vous pouvez lui demander de vous recommander pour cette comp\u00e9tence particuli\u00e8re.    <\/span><\/p>\n<p data-wahfont=\"16\"><b>Recommandation<\/b><span data-wahfont=\"16\">: Une recommandation est une note de r\u00e9f\u00e9rence au format num\u00e9rique. Elle est plus d\u00e9taill\u00e9e qu&rsquo;une approbation et est g\u00e9n\u00e9ralement fournie par des personnes avec lesquelles vous avez travaill\u00e9 directement, comme un ancien enseignant ou professeur, un responsable d&rsquo;un poste pr\u00e9c\u00e9dent ou un coll\u00e8gue avec lequel vous avez collabor\u00e9. Les recommandations sont un excellent compl\u00e9ment \u00e0 votre profil, car elles indiquent aux employeurs potentiels que vous \u00eates comp\u00e9tent et fiable. Une fois votre profil compl\u00e9t\u00e9, vous pouvez commencer \u00e0 r\u00e9fl\u00e9chir \u00e0 la possibilit\u00e9 de demander \u00e0 l&rsquo;une de vos relations de vous recommander.     <\/span><\/p>\n<p data-wahfont=\"16\"><b>Profil de l&rsquo;\u00e9toile<\/b><span data-wahfont=\"16\">: Une fois que vous avez atteint 50 connexions et que vous avez enti\u00e8rement compl\u00e9t\u00e9 votre profil, vous obtiendrez un \u00ab\u00a0All Star Profile\u00a0\u00bb, ce qui signifie que votre profil est en excellente forme pour tirer le meilleur parti de ce que LinkedIn a \u00e0 offrir. <\/span> <\/p>\n<\/div>\n\t\t\t\t<\/div>\n\t\t\t\t\t\t\t<div class=\"elementor-accordion-item\">\n\t\t\t\t\t<div id=\"elementor-tab-title-1968\" class=\"elementor-tab-title\" data-tab=\"8\" role=\"button\" aria-controls=\"elementor-tab-content-1968\" aria-expanded=\"false\">\n\t\t\t\t\t\t\t\t\t\t\t\t\t<span class=\"elementor-accordion-icon elementor-accordion-icon-left\" aria-hidden=\"true\">\n\t\t\t\t\t\t\t\t\t\t\t\t\t\t\t<span class=\"elementor-accordion-icon-closed\"><i class=\"fas fa-plus\"><\/i><\/span>\n\t\t\t\t\t\t\t\t<span class=\"elementor-accordion-icon-opened\"><i class=\"fas fa-minus\"><\/i><\/span>\n\t\t\t\t\t\t\t\t\t\t\t\t\t\t<\/span>\n\t\t\t\t\t\t\t\t\t\t\t\t<a class=\"elementor-accordion-title\" tabindex=\"0\">Ajouter des connexions sur LinkedIn<\/a>\n\t\t\t\t\t<\/div>\n\t\t\t\t\t<div id=\"elementor-tab-content-1968\" class=\"elementor-tab-content elementor-clearfix\" data-tab=\"8\" role=\"region\" aria-labelledby=\"elementor-tab-title-1968\"><p data-wahfont=\"16\"><span data-wahfont=\"16\">Lorsque votre profil est complet et que vous avez ajout\u00e9 votre exp\u00e9rience, LinkedIn g\u00e9n\u00e8re un r\u00e9seau de personnes avec lesquelles vous \u00eates peut-\u00eatre d\u00e9j\u00e0 en contact par courrier \u00e9lectronique, ainsi que des personnes qui ont travaill\u00e9 pour les m\u00eames entreprises que celles que vous avez r\u00e9pertori\u00e9es.  <\/span><\/p>\n<p data-wahfont=\"16\"><span data-wahfont=\"16\">La section \u00ab\u00a0Mon r\u00e9seau\u00a0\u00bb, situ\u00e9e en haut de la page d&rsquo;accueil, vous permet de parcourir les personnes avec lesquelles vous souhaitez vous connecter. Lorsque vous trouvez des personnes que vous connaissez ou que vous souhaitez ajouter \u00e0 votre r\u00e9seau, cliquez sur \u00ab\u00a0Connecter\u00a0\u00bb et elles seront invit\u00e9es \u00e0 accepter votre demande.   <\/span><\/p>\n<p data-wahfont=\"16\"><span data-wahfont=\"16\">De m\u00eame, vos relations peuvent \u00e9galement vous ajouter si votre profil est public et que vous n&rsquo;h\u00e9sitez pas \u00e0 vous faire rep\u00e9rer.  <\/span><\/p>\n<p data-wahfont=\"16\"><span data-wahfont=\"16\">Si vous pr\u00e9f\u00e9rez garder votre profil priv\u00e9, vous pouvez le faire en suivant ces \u00e9tapes :  <\/span><\/p>\n<ul>\n<li>\n<ul>\n<li aria-level=\"1\"><span data-wahfont=\"16\">Cliquez sur l&rsquo;onglet <\/span><b>Param\u00e8tres et confidentialit\u00e9<\/b><span data-wahfont=\"16\"> et confidentialit\u00e9.<\/span><\/li>\n<li aria-level=\"1\"><span data-wahfont=\"16\">Cliquez <\/span><b>visibilit\u00e9<\/b><span data-wahfont=\"16\">.<\/span><\/li>\n<li aria-level=\"1\"><span data-wahfont=\"16\">Suivant <\/span><b>Modifier votre profil<\/b><span data-wahfont=\"16\">cliquez sur <\/span><b>Modifier.<\/b><\/li>\n<li aria-level=\"1\"><span data-wahfont=\"16\">Sous <\/span><b>Visibilit\u00e9 de l&rsquo;\u00e9dition<\/b><span data-wahfont=\"16\">,<\/span> <span data-wahfont=\"16\">cliquez sur le bouton <\/span><b>D\u00c9SACTIVER<\/b><span data-wahfont=\"16\"> \u00e0 c\u00f4t\u00e9 de la visibilit\u00e9 <\/span><b>visibilit\u00e9 publique de votre profil<\/b><span data-wahfont=\"16\">. <\/span> <\/li>\n<\/ul>\n<\/li>\n<\/ul>\n<\/div>\n\t\t\t\t<\/div>\n\t\t\t\t\t\t\t<div class=\"elementor-accordion-item\">\n\t\t\t\t\t<div id=\"elementor-tab-title-1969\" class=\"elementor-tab-title\" data-tab=\"9\" role=\"button\" aria-controls=\"elementor-tab-content-1969\" aria-expanded=\"false\">\n\t\t\t\t\t\t\t\t\t\t\t\t\t<span class=\"elementor-accordion-icon elementor-accordion-icon-left\" aria-hidden=\"true\">\n\t\t\t\t\t\t\t\t\t\t\t\t\t\t\t<span class=\"elementor-accordion-icon-closed\"><i class=\"fas fa-plus\"><\/i><\/span>\n\t\t\t\t\t\t\t\t<span class=\"elementor-accordion-icon-opened\"><i class=\"fas fa-minus\"><\/i><\/span>\n\t\t\t\t\t\t\t\t\t\t\t\t\t\t<\/span>\n\t\t\t\t\t\t\t\t\t\t\t\t<a class=\"elementor-accordion-title\" tabindex=\"0\">Suivre l'actualit\u00e9 de LinkedIn<\/a>\n\t\t\t\t\t<\/div>\n\t\t\t\t\t<div id=\"elementor-tab-content-1969\" class=\"elementor-tab-content elementor-clearfix\" data-tab=\"9\" role=\"region\" aria-labelledby=\"elementor-tab-title-1969\"><p data-wahfont=\"16\"><span data-wahfont=\"16\">Comme toute plateforme de m\u00e9dias sociaux, LinkedIn fonctionne sur la base de l&rsquo;engagement et de l&rsquo;interaction. Il est donc judicieux d&rsquo;utiliser la plateforme en partie une fois que vous avez cr\u00e9\u00e9 un profil.  <\/span><\/p>\n<p data-wahfont=\"16\"><b>Conseils pour rester en phase avec LinkedIn :<\/b><\/p>\n<ul>\n<li aria-level=\"1\"><span data-wahfont=\"16\">Lorsque vous parcourez votre fil d&rsquo;actualit\u00e9, essayez de vous int\u00e9resser au contenu que les membres de votre r\u00e9seau partagent. Vous pouvez le faire en \u00ab\u00a0aimant\u00a0\u00bb ou en commentant un article, ou en envoyant un message \u00e0 vos contacts pour leur dire bonjour.   <\/span><\/li>\n<li aria-level=\"1\"><span data-wahfont=\"16\">Dans la mesure du possible, partagez des informations avec votre communaut\u00e9. Vous participez peut-\u00eatre \u00e0 une conf\u00e9rence sur l&rsquo;intelligence artificielle ou vous venez d&rsquo;\u00e9crire un article de blog sur un film que vous avez vu. Publier des mises \u00e0 jour professionnelles \u00e0 l&rsquo;intention de votre r\u00e9seau est un excellent moyen de rester en contact avec lui et de lui faire conna\u00eetre les secteurs dans lesquels vous \u00eates actuellement impliqu\u00e9.    <\/span><\/li>\n<li aria-level=\"1\"><span data-wahfont=\"16\">Acc\u00e9dez \u00e0 LinkedIn News, qui se trouve dans le coin sup\u00e9rieur droit de votre page d&rsquo;accueil.<\/span><\/li>\n<li aria-level=\"1\"><span data-wahfont=\"16\">Si vous \u00eates int\u00e9ress\u00e9 par un certain sujet ou une certaine tendance, faites une recherche \u00e0 l&rsquo;aide d&rsquo;un hashtag, ce qui vous conduira \u00e0 d&rsquo;autres posts sur LinkedIn qui traitent du m\u00eame sujet. Par exemple, si vous vous int\u00e9ressez au d\u00e9veloppement personnel, une recherche avec un hashtag (#personaldevelopment) peut vous conduire \u00e0 des articles, des vid\u00e9os, des \u00e9v\u00e9nements et des connexions qui sont li\u00e9s \u00e0 ce sujet. <\/span><\/li>\n<\/ul>\n<\/div>\n\t\t\t\t<\/div>\n\t\t\t\t\t\t\t\t<\/div>\n\t\t\t\t\t\t<\/div>\n\t\t\t\t<\/div>\n\t\t\t\t\t<\/div>\n\t\t<\/div>\n\t\t\t\t\t<\/div>\n\t\t<\/section>\n\t\t\t\t<section class=\"elementor-section elementor-top-section elementor-element elementor-element-086a8d2 elementor-section-boxed elementor-section-height-default elementor-section-height-default\" data-id=\"086a8d2\" data-element_type=\"section\" data-e-type=\"section\">\n\t\t\t\t\t\t<div class=\"elementor-container elementor-column-gap-default\">\n\t\t\t\t\t<div class=\"elementor-column elementor-col-100 elementor-top-column elementor-element elementor-element-2089822\" data-id=\"2089822\" data-element_type=\"column\" data-e-type=\"column\">\n\t\t\t<div class=\"elementor-widget-wrap elementor-element-populated\">\n\t\t\t\t\t\t<div class=\"elementor-element elementor-element-14e7f67 elementor-widget elementor-widget-template\" data-id=\"14e7f67\" data-element_type=\"widget\" data-e-type=\"widget\" data-widget_type=\"template.default\">\n\t\t\t\t<div class=\"elementor-widget-container\">\n\t\t\t\t\t\t\t<div class=\"elementor-template\">\n\t\t\t\t\t<div data-elementor-type=\"section\" data-elementor-id=\"483\" class=\"elementor elementor-483 elementor-433 elementor-433\" data-elementor-post-type=\"elementor_library\">\n\t\t\t\t\t<section class=\"elementor-section elementor-top-section elementor-element elementor-element-200729c3 elementor-section-boxed elementor-section-height-default elementor-section-height-default\" data-id=\"200729c3\" data-element_type=\"section\" data-e-type=\"section\">\n\t\t\t\t\t\t<div class=\"elementor-container elementor-column-gap-default\">\n\t\t\t\t\t<div class=\"elementor-column elementor-col-100 elementor-top-column elementor-element elementor-element-1ce67f2\" data-id=\"1ce67f2\" data-element_type=\"column\" data-e-type=\"column\" data-settings=\"{&quot;background_background&quot;:&quot;classic&quot;}\">\n\t\t\t<div class=\"elementor-widget-wrap elementor-element-populated\">\n\t\t\t\t\t\t<section class=\"elementor-section elementor-inner-section elementor-element elementor-element-2df9023a elementor-section-full_width elementor-section-height-default elementor-section-height-default\" data-id=\"2df9023a\" data-element_type=\"section\" data-e-type=\"section\">\n\t\t\t\t\t\t<div class=\"elementor-container elementor-column-gap-no\">\n\t\t\t\t\t<div class=\"elementor-column elementor-col-50 elementor-inner-column elementor-element elementor-element-4603acc5\" data-id=\"4603acc5\" data-element_type=\"column\" data-e-type=\"column\">\n\t\t\t<div class=\"elementor-widget-wrap elementor-element-populated\">\n\t\t\t\t\t\t<div class=\"elementor-element elementor-element-5a549f15 elementor-widget-tablet__width-initial elementor-widget elementor-widget-heading\" data-id=\"5a549f15\" data-element_type=\"widget\" data-e-type=\"widget\" data-widget_type=\"heading.default\">\n\t\t\t\t<div class=\"elementor-widget-container\">\n\t\t\t\t\t<h1 class=\"elementor-heading-title elementor-size-default\">Nous serions ravis de vous aider \u00e0 trouver votre prochain emploi.<\/h1>\t\t\t\t<\/div>\n\t\t\t\t<\/div>\n\t\t\t\t<div class=\"elementor-element elementor-element-2e4d543d elementor-widget elementor-widget-text-editor\" data-id=\"2e4d543d\" data-element_type=\"widget\" data-e-type=\"widget\" data-widget_type=\"text-editor.default\">\n\t\t\t\t<div class=\"elementor-widget-container\">\n\t\t\t\t\t\t\t\t\t<p data-wahfont=\"16\"><span data-wahfont=\"16\">En prenant connaissance des informations contenues dans cette bo\u00eete \u00e0 outils, nous serons mieux \u00e0 m\u00eame de vous aider en vous proposant des services sur mesure qui correspondent \u00e0 votre parcours, \u00e0 vos centres d&rsquo;int\u00e9r\u00eat et \u00e0 vos comp\u00e9tences.  <\/span><\/p><p data-wahfont=\"16\"><span data-wahfont=\"16\">Services d\u2019emploi accessibles est en mesure de vous aider dans votre recherche d&#8217;emploi. En vous inscrivant \u00e0 notre programme, vous pouvez participer \u00e0 des ateliers complets sur la r\u00e9daction de CV et de lettres de motivation, les entretiens d&#8217;embauche, les comp\u00e9tences num\u00e9riques de recherche d&#8217;emploi et les aspects attitudinaux de la recherche d&#8217;emploi qui auront un impact positif sur votre parcours. <\/span><\/p>\t\t\t\t\t\t\t\t<\/div>\n\t\t\t\t<\/div>\n\t\t\t\t\t<\/div>\n\t\t<\/div>\n\t\t\t\t<div class=\"elementor-column elementor-col-50 elementor-inner-column elementor-element elementor-element-f7e825d\" data-id=\"f7e825d\" data-element_type=\"column\" data-e-type=\"column\" data-settings=\"{&quot;background_background&quot;:&quot;classic&quot;}\">\n\t\t\t<div class=\"elementor-widget-wrap elementor-element-populated\">\n\t\t\t\t\t\t<div class=\"elementor-element elementor-element-c093da9 elementor-widget elementor-widget-text-editor\" data-id=\"c093da9\" data-element_type=\"widget\" data-e-type=\"widget\" data-widget_type=\"text-editor.default\">\n\t\t\t\t<div class=\"elementor-widget-container\">\n\t\t\t\t\t\t\t\t\t<p><strong>Prenez contact avec nous d\u00e8s aujourd&rsquo;hui !<\/strong><\/p><p data-wahfont=\"16\"><span data-wahfont=\"16\">Notre \u00e9quipe de conseillers et de sp\u00e9cialistes de l&#8217;emploi est parfaitement \u00e9quip\u00e9e pour travailler avec vous individuellement afin de vous aider \u00e0 atteindre vos objectifs et \u00e0 d\u00e9crocher un emploi int\u00e9ressant.  <\/span><\/p><p data-wahfont=\"16\"><span data-wahfont=\"16\">Contactez-nous au <a href=\"tel:647-933-1426\">647-933-1426<\/a><br><a role=\"link\" href=\"mailto:employment@accessiblework.ca\" data-wahfont=\"16\">employment@accessiblework.ca<\/a><\/span><\/p>\t\t\t\t\t\t\t\t<\/div>\n\t\t\t\t<\/div>\n\t\t\t\t\t<\/div>\n\t\t<\/div>\n\t\t\t\t\t<\/div>\n\t\t<\/section>\n\t\t\t\t\t<\/div>\n\t\t<\/div>\n\t\t\t\t\t<\/div>\n\t\t<\/section>\n\t\t\t\t<\/div>\n\t\t\t\t<\/div>\n\t\t\t\t\t\t<\/div>\n\t\t\t\t<\/div>\n\t\t\t\t\t<\/div>\n\t\t<\/div>\n\t\t\t\t\t<\/div>\n\t\t<\/section>\n\t\t\t\t<\/div>\n\t\t","protected":false},"excerpt":{"rendered":"<p>Trousse d&rsquo;outils du chercheur d&#8217;emploi 1.0 LinkedIn LinkedIn est la plateforme de m\u00e9dias sociaux du monde de l&#8217;emploi. De la m\u00eame mani\u00e8re que nous utilisons Facebook, Twitter et Instagram pour nous connecter et rester en contact avec nos amis et nos proches, LinkedIn offre aux utilisateurs un moyen de montrer le meilleur d&rsquo;eux-m\u00eames sur le [&hellip;]<\/p>\n","protected":false},"author":8,"featured_media":0,"parent":475,"menu_order":0,"comment_status":"closed","ping_status":"closed","template":"","meta":{"footnotes":""},"class_list":["post-482","page","type-page","status-publish","hentry"],"yoast_head":"<!-- This site is optimized with the Yoast SEO plugin v27.3 - https:\/\/yoast.com\/product\/yoast-seo-wordpress\/ -->\n<title>1.0 LinkedIn - Accessible Employment Services<\/title>\n<meta name=\"robots\" content=\"index, follow, max-snippet:-1, max-image-preview:large, max-video-preview:-1\" \/>\n<link rel=\"canonical\" href=\"https:\/\/accessiblework.ca\/fr\/centre-de-ressources\/trousse-doutils-du-chercheur-demploi\/1-0-linkedin\/\" \/>\n<meta property=\"og:locale\" content=\"fr_FR\" \/>\n<meta property=\"og:type\" content=\"article\" \/>\n<meta property=\"og:title\" content=\"1.0 LinkedIn - Accessible Employment Services\" \/>\n<meta property=\"og:description\" content=\"Trousse d&rsquo;outils du chercheur d&#8217;emploi 1.0 LinkedIn LinkedIn est la plateforme de m\u00e9dias sociaux du monde de l&#8217;emploi. De la m\u00eame mani\u00e8re que nous utilisons Facebook, Twitter et Instagram pour nous connecter et rester en contact avec nos amis et nos proches, LinkedIn offre aux utilisateurs un moyen de montrer le meilleur d&rsquo;eux-m\u00eames sur le [&hellip;]\" \/>\n<meta property=\"og:url\" content=\"https:\/\/accessiblework.ca\/fr\/centre-de-ressources\/trousse-doutils-du-chercheur-demploi\/1-0-linkedin\/\" \/>\n<meta property=\"og:site_name\" content=\"Accessible Employment Services\" \/>\n<meta property=\"article:modified_time\" content=\"2026-03-31T14:37:01+00:00\" \/>\n<meta property=\"og:image\" content=\"https:\/\/accessiblework.ca\/wp-content\/uploads\/2024\/02\/linkedin.png\" \/>\n\t<meta property=\"og:image:width\" content=\"724\" \/>\n\t<meta property=\"og:image:height\" content=\"694\" \/>\n\t<meta property=\"og:image:type\" content=\"image\/png\" \/>\n<meta name=\"twitter:card\" content=\"summary_large_image\" \/>\n<meta name=\"twitter:label1\" content=\"Dur\u00e9e de lecture estim\u00e9e\" \/>\n\t<meta name=\"twitter:data1\" content=\"11 minutes\" \/>\n<script type=\"application\/ld+json\" class=\"yoast-schema-graph\">{\"@context\":\"https:\\\/\\\/schema.org\",\"@graph\":[{\"@type\":\"WebPage\",\"@id\":\"https:\\\/\\\/accessiblework.ca\\\/fr\\\/centre-de-ressources\\\/trousse-doutils-du-chercheur-demploi\\\/1-0-linkedin\\\/\",\"url\":\"https:\\\/\\\/accessiblework.ca\\\/fr\\\/centre-de-ressources\\\/trousse-doutils-du-chercheur-demploi\\\/1-0-linkedin\\\/\",\"name\":\"1.0 LinkedIn - Accessible Employment Services\",\"isPartOf\":{\"@id\":\"https:\\\/\\\/accessiblework.ca\\\/fr\\\/#website\"},\"primaryImageOfPage\":{\"@id\":\"https:\\\/\\\/accessiblework.ca\\\/fr\\\/centre-de-ressources\\\/trousse-doutils-du-chercheur-demploi\\\/1-0-linkedin\\\/#primaryimage\"},\"image\":{\"@id\":\"https:\\\/\\\/accessiblework.ca\\\/fr\\\/centre-de-ressources\\\/trousse-doutils-du-chercheur-demploi\\\/1-0-linkedin\\\/#primaryimage\"},\"thumbnailUrl\":\"https:\\\/\\\/accessiblework.ca\\\/wp-content\\\/uploads\\\/2024\\\/02\\\/linkedin.png\",\"datePublished\":\"2024-02-06T15:59:42+00:00\",\"dateModified\":\"2026-03-31T14:37:01+00:00\",\"breadcrumb\":{\"@id\":\"https:\\\/\\\/accessiblework.ca\\\/fr\\\/centre-de-ressources\\\/trousse-doutils-du-chercheur-demploi\\\/1-0-linkedin\\\/#breadcrumb\"},\"inLanguage\":\"fr-FR\",\"potentialAction\":[{\"@type\":\"ReadAction\",\"target\":[\"https:\\\/\\\/accessiblework.ca\\\/fr\\\/centre-de-ressources\\\/trousse-doutils-du-chercheur-demploi\\\/1-0-linkedin\\\/\"]}]},{\"@type\":\"ImageObject\",\"inLanguage\":\"fr-FR\",\"@id\":\"https:\\\/\\\/accessiblework.ca\\\/fr\\\/centre-de-ressources\\\/trousse-doutils-du-chercheur-demploi\\\/1-0-linkedin\\\/#primaryimage\",\"url\":\"https:\\\/\\\/accessiblework.ca\\\/wp-content\\\/uploads\\\/2024\\\/02\\\/linkedin.png\",\"contentUrl\":\"https:\\\/\\\/accessiblework.ca\\\/wp-content\\\/uploads\\\/2024\\\/02\\\/linkedin.png\"},{\"@type\":\"BreadcrumbList\",\"@id\":\"https:\\\/\\\/accessiblework.ca\\\/fr\\\/centre-de-ressources\\\/trousse-doutils-du-chercheur-demploi\\\/1-0-linkedin\\\/#breadcrumb\",\"itemListElement\":[{\"@type\":\"ListItem\",\"position\":1,\"name\":\"Home\",\"item\":\"https:\\\/\\\/accessiblework.ca\\\/fr\\\/services-demploi-accessibles\\\/\"},{\"@type\":\"ListItem\",\"position\":2,\"name\":\"Centre de ressources\",\"item\":\"https:\\\/\\\/accessiblework.ca\\\/fr\\\/centre-de-ressources\\\/\"},{\"@type\":\"ListItem\",\"position\":3,\"name\":\"Trousse d&#8217;outils du chercheur d&#8217;emploi\",\"item\":\"https:\\\/\\\/accessiblework.ca\\\/fr\\\/centre-de-ressources\\\/trousse-doutils-du-chercheur-demploi\\\/\"},{\"@type\":\"ListItem\",\"position\":4,\"name\":\"1.0 LinkedIn\"}]},{\"@type\":\"WebSite\",\"@id\":\"https:\\\/\\\/accessiblework.ca\\\/fr\\\/#website\",\"url\":\"https:\\\/\\\/accessiblework.ca\\\/fr\\\/\",\"name\":\"Accessible Employment Services\",\"description\":\"\",\"publisher\":{\"@id\":\"https:\\\/\\\/accessiblework.ca\\\/fr\\\/#organization\"},\"potentialAction\":[{\"@type\":\"SearchAction\",\"target\":{\"@type\":\"EntryPoint\",\"urlTemplate\":\"https:\\\/\\\/accessiblework.ca\\\/fr\\\/?s={search_term_string}\"},\"query-input\":{\"@type\":\"PropertyValueSpecification\",\"valueRequired\":true,\"valueName\":\"search_term_string\"}}],\"inLanguage\":\"fr-FR\"},{\"@type\":\"Organization\",\"@id\":\"https:\\\/\\\/accessiblework.ca\\\/fr\\\/#organization\",\"name\":\"Accessible Employment Services\",\"url\":\"https:\\\/\\\/accessiblework.ca\\\/fr\\\/\",\"logo\":{\"@type\":\"ImageObject\",\"inLanguage\":\"fr-FR\",\"@id\":\"https:\\\/\\\/accessiblework.ca\\\/fr\\\/#\\\/schema\\\/logo\\\/image\\\/\",\"url\":\"https:\\\/\\\/accessiblework.ca\\\/wp-content\\\/uploads\\\/2023\\\/07\\\/des-logo-3-1.svg\",\"contentUrl\":\"https:\\\/\\\/accessiblework.ca\\\/wp-content\\\/uploads\\\/2023\\\/07\\\/des-logo-3-1.svg\",\"width\":1920,\"height\":512,\"caption\":\"Accessible Employment Services\"},\"image\":{\"@id\":\"https:\\\/\\\/accessiblework.ca\\\/fr\\\/#\\\/schema\\\/logo\\\/image\\\/\"}}]}<\/script>\n<!-- \/ Yoast SEO plugin. -->","yoast_head_json":{"title":"1.0 LinkedIn - Accessible Employment Services","robots":{"index":"index","follow":"follow","max-snippet":"max-snippet:-1","max-image-preview":"max-image-preview:large","max-video-preview":"max-video-preview:-1"},"canonical":"https:\/\/accessiblework.ca\/fr\/centre-de-ressources\/trousse-doutils-du-chercheur-demploi\/1-0-linkedin\/","og_locale":"fr_FR","og_type":"article","og_title":"1.0 LinkedIn - Accessible Employment Services","og_description":"Trousse d&rsquo;outils du chercheur d&#8217;emploi 1.0 LinkedIn LinkedIn est la plateforme de m\u00e9dias sociaux du monde de l&#8217;emploi. De la m\u00eame mani\u00e8re que nous utilisons Facebook, Twitter et Instagram pour nous connecter et rester en contact avec nos amis et nos proches, LinkedIn offre aux utilisateurs un moyen de montrer le meilleur d&rsquo;eux-m\u00eames sur le [&hellip;]","og_url":"https:\/\/accessiblework.ca\/fr\/centre-de-ressources\/trousse-doutils-du-chercheur-demploi\/1-0-linkedin\/","og_site_name":"Accessible Employment Services","article_modified_time":"2026-03-31T14:37:01+00:00","og_image":[{"width":724,"height":694,"url":"https:\/\/accessiblework.ca\/wp-content\/uploads\/2024\/02\/linkedin.png","type":"image\/png"}],"twitter_card":"summary_large_image","twitter_misc":{"Dur\u00e9e de lecture estim\u00e9e":"11 minutes"},"schema":{"@context":"https:\/\/schema.org","@graph":[{"@type":"WebPage","@id":"https:\/\/accessiblework.ca\/fr\/centre-de-ressources\/trousse-doutils-du-chercheur-demploi\/1-0-linkedin\/","url":"https:\/\/accessiblework.ca\/fr\/centre-de-ressources\/trousse-doutils-du-chercheur-demploi\/1-0-linkedin\/","name":"1.0 LinkedIn - Accessible Employment Services","isPartOf":{"@id":"https:\/\/accessiblework.ca\/fr\/#website"},"primaryImageOfPage":{"@id":"https:\/\/accessiblework.ca\/fr\/centre-de-ressources\/trousse-doutils-du-chercheur-demploi\/1-0-linkedin\/#primaryimage"},"image":{"@id":"https:\/\/accessiblework.ca\/fr\/centre-de-ressources\/trousse-doutils-du-chercheur-demploi\/1-0-linkedin\/#primaryimage"},"thumbnailUrl":"https:\/\/accessiblework.ca\/wp-content\/uploads\/2024\/02\/linkedin.png","datePublished":"2024-02-06T15:59:42+00:00","dateModified":"2026-03-31T14:37:01+00:00","breadcrumb":{"@id":"https:\/\/accessiblework.ca\/fr\/centre-de-ressources\/trousse-doutils-du-chercheur-demploi\/1-0-linkedin\/#breadcrumb"},"inLanguage":"fr-FR","potentialAction":[{"@type":"ReadAction","target":["https:\/\/accessiblework.ca\/fr\/centre-de-ressources\/trousse-doutils-du-chercheur-demploi\/1-0-linkedin\/"]}]},{"@type":"ImageObject","inLanguage":"fr-FR","@id":"https:\/\/accessiblework.ca\/fr\/centre-de-ressources\/trousse-doutils-du-chercheur-demploi\/1-0-linkedin\/#primaryimage","url":"https:\/\/accessiblework.ca\/wp-content\/uploads\/2024\/02\/linkedin.png","contentUrl":"https:\/\/accessiblework.ca\/wp-content\/uploads\/2024\/02\/linkedin.png"},{"@type":"BreadcrumbList","@id":"https:\/\/accessiblework.ca\/fr\/centre-de-ressources\/trousse-doutils-du-chercheur-demploi\/1-0-linkedin\/#breadcrumb","itemListElement":[{"@type":"ListItem","position":1,"name":"Home","item":"https:\/\/accessiblework.ca\/fr\/services-demploi-accessibles\/"},{"@type":"ListItem","position":2,"name":"Centre de ressources","item":"https:\/\/accessiblework.ca\/fr\/centre-de-ressources\/"},{"@type":"ListItem","position":3,"name":"Trousse d&#8217;outils du chercheur d&#8217;emploi","item":"https:\/\/accessiblework.ca\/fr\/centre-de-ressources\/trousse-doutils-du-chercheur-demploi\/"},{"@type":"ListItem","position":4,"name":"1.0 LinkedIn"}]},{"@type":"WebSite","@id":"https:\/\/accessiblework.ca\/fr\/#website","url":"https:\/\/accessiblework.ca\/fr\/","name":"Accessible Employment Services","description":"","publisher":{"@id":"https:\/\/accessiblework.ca\/fr\/#organization"},"potentialAction":[{"@type":"SearchAction","target":{"@type":"EntryPoint","urlTemplate":"https:\/\/accessiblework.ca\/fr\/?s={search_term_string}"},"query-input":{"@type":"PropertyValueSpecification","valueRequired":true,"valueName":"search_term_string"}}],"inLanguage":"fr-FR"},{"@type":"Organization","@id":"https:\/\/accessiblework.ca\/fr\/#organization","name":"Accessible Employment Services","url":"https:\/\/accessiblework.ca\/fr\/","logo":{"@type":"ImageObject","inLanguage":"fr-FR","@id":"https:\/\/accessiblework.ca\/fr\/#\/schema\/logo\/image\/","url":"https:\/\/accessiblework.ca\/wp-content\/uploads\/2023\/07\/des-logo-3-1.svg","contentUrl":"https:\/\/accessiblework.ca\/wp-content\/uploads\/2023\/07\/des-logo-3-1.svg","width":1920,"height":512,"caption":"Accessible Employment Services"},"image":{"@id":"https:\/\/accessiblework.ca\/fr\/#\/schema\/logo\/image\/"}}]}},"_links":{"self":[{"href":"https:\/\/accessiblework.ca\/fr\/wp-json\/wp\/v2\/pages\/482","targetHints":{"allow":["GET"]}}],"collection":[{"href":"https:\/\/accessiblework.ca\/fr\/wp-json\/wp\/v2\/pages"}],"about":[{"href":"https:\/\/accessiblework.ca\/fr\/wp-json\/wp\/v2\/types\/page"}],"author":[{"embeddable":true,"href":"https:\/\/accessiblework.ca\/fr\/wp-json\/wp\/v2\/users\/8"}],"replies":[{"embeddable":true,"href":"https:\/\/accessiblework.ca\/fr\/wp-json\/wp\/v2\/comments?post=482"}],"version-history":[{"count":0,"href":"https:\/\/accessiblework.ca\/fr\/wp-json\/wp\/v2\/pages\/482\/revisions"}],"up":[{"embeddable":true,"href":"https:\/\/accessiblework.ca\/fr\/wp-json\/wp\/v2\/pages\/475"}],"wp:attachment":[{"href":"https:\/\/accessiblework.ca\/fr\/wp-json\/wp\/v2\/media?parent=482"}],"curies":[{"name":"wp","href":"https:\/\/api.w.org\/{rel}","templated":true}]}}